{"id":64,"date":"2017-11-17T10:36:55","date_gmt":"2017-11-17T09:36:55","guid":{"rendered":"https:\/\/caveaucorto.ch\/?page_id=64"},"modified":"2025-01-24T11:52:20","modified_gmt":"2025-01-24T10:52:20","slug":"vignerons","status":"publish","type":"page","link":"https:\/\/caveaucorto.ch\/de\/vignerons\/","title":{"rendered":"Weinbauern"},"content":{"rendered":"<div class=\"wpb-content-wrapper\">[mk_page_section bg_image=&#8220;https:\/\/caveaucorto.ch\/wp-content\/uploads\/2018\/01\/corto-vignerons-dos.jpg&#8220; bg_position=&#8220;center top&#8220; bg_repeat=&#8220;no-repeat&#8220; bg_stretch=&#8220;true&#8220; video_color_mask=&#8220;#000000&#8243; video_opacity=&#8220;0.3&#8243; min_height=&#8220;700&#8243; js_vertical_centered=&#8220;true&#8220; sidebar=&#8220;sidebar-1&#8243;][vc_column][mk_fancy_title tag_name=&#8220;h1&#8243; color=&#8220;#ffffff&#8220; size=&#8220;70&#8243; force_font_size=&#8220;true&#8220; size_tablet=&#8220;70&#8243; font_weight=&#8220;300&#8243; txt_transform=&#8220;none&#8220; margin_bottom=&#8220;0&#8243; font_family=&#8220;none&#8220; align=&#8220;center&#8220;]Unsere Weinbauern heissen Sie willkommen.[\/mk_fancy_title][mk_divider style=&#8220;thin_solid&#8220; divider_width=&#8220;custom_width&#8220; custom_width=&#8220;140&#8243; thin_single_color=&#8220;#8d121b&#8220; thickness=&#8220;3&#8243; margin_top=&#8220;0&#8243; margin_bottom=&#8220;30&#8243;][vc_row_inner][vc_column_inner width=&#8220;1\/6&#8243;][\/vc_column_inner][vc_column_inner width=&#8220;2\/3&#8243;][mk_fancy_title tag_name=&#8220;span&#8220; color=&#8220;#ffffff&#8220; size=&#8220;22&#8243; line_height=&#8220;180&#8243; txt_transform=&#8220;none&#8220; font_family=&#8220;none&#8220; align=&#8220;center&#8220;]An der Bar werden Sie abwechslungsweise von einem der Winzer aus Grandvaux empfangen und zum Verkosten ihrer Weine eingeladen. Auf der Agenda sehen Sie, wer von ihnen an welchen Daten im Caveau Corto anwesend ist.[\/mk_fancy_title][\/vc_column_inner][vc_column_inner width=&#8220;1\/6&#8243;][\/vc_column_inner][\/vc_row_inner][\/vc_column][\/mk_page_section][vc_row id=&#8220;presentation&#8220;][vc_column][mk_padding_divider size=&#8220;120&#8243;][mk_image src=&#8220;https:\/\/caveaucorto.ch\/wp-content\/uploads\/2018\/01\/corto-vignerons-normal.jpg&#8220; image_size=&#8220;full&#8220;][mk_padding_divider size=&#8220;60&#8243; visibility=&#8220;hidden-sm&#8220;][\/vc_column][vc_column width=&#8220;1\/2&#8243;][mk_custom_box padding_vertical=&#8220;0&#8243; padding_horizental=&#8220;0&#8243; margin_bottom=&#8220;0&#8243; min_height=&#8220;630&#8243; bg_color=&#8220;#000000&#8243; background_hov_color_style=&#8220;image&#8220; bg_hov_color=&#8220;#111111&#8243; elevation_effect=&#8220;true&#8220;][mk_image src=&#8220;https:\/\/cave-joly.ch\/wp-content\/uploads\/2015\/12\/bannerversion.jpeg&#8220;][vc_row_inner is_fullwidth_content=&#8220;false&#8220; css=&#8220;.vc_custom_1510912443999{padding-top: 40px !important;padding-right: 50px !important;padding-left: 35px !important;}&#8220;][vc_column_inner][mk_fancy_title color=&#8220;#ffffff&#8220; size=&#8220;28&#8243; font_weight=&#8220;300&#8243; txt_transform=&#8220;none&#8220; margin_bottom=&#8220;10&#8243; font_family=&#8220;none&#8220;]Cave Jacques &amp; Aur\u00e9lia Joly[\/mk_fancy_title][vc_column_text el_class=&#8220;white&#8220; css=&#8220;.vc_custom_1552323915264{margin-bottom: 0px !important;}&#8220;]Die passionierten Weinbauer Jacques und Aur\u00e9lia Joly kultivieren ihre Reben mit ganzer Hingabe. Sie produzieren haupts\u00e4chlich Chasselas, aber auch 5 Rotweine \u2013 einen Pinot Noir, einen Gamay und drei Assemblages. Je ein Ros\u00e9 aus Gamay und Pinot Noir sowie ein Pinot Gris und ein S\u00fcsswein erg\u00e4nzen die Auswahl. Weintouristen sch\u00e4tzen auch ihre Ferienwohnung und ihren G\u00e4stetisch sehr.[\/vc_column_text][mk_button dimension=&#8220;flat&#8220; icon=&#8220;mk-moon-link-4&#8243; url=&#8220;https:\/\/cave-joly.ch\/&#8220; margin_bottom=&#8220;40&#8243;]Cave Joly[\/mk_button][\/vc_column_inner][\/vc_row_inner][\/mk_custom_box][mk_padding_divider][mk_custom_box padding_vertical=&#8220;0&#8243; padding_horizental=&#8220;0&#8243; margin_bottom=&#8220;0&#8243; min_height=&#8220;630&#8243; bg_color=&#8220;#000000&#8243; background_hov_color_style=&#8220;image&#8220; bg_hov_color=&#8220;#111111&#8243; elevation_effect=&#8220;true&#8220;][mk_image src=&#8220;https:\/\/caveaucorto.ch\/wp-content\/uploads\/2019\/03\/j_t-portr_dg-josianemaherbe_203-nbt.jpg&#8220; image_size=&#8220;large&#8220;][vc_row_inner is_fullwidth_content=&#8220;false&#8220; css=&#8220;.vc_custom_1510912443999{padding-top: 40px !important;padding-right: 50px !important;padding-left: 35px !important;}&#8220;][vc_column_inner][mk_fancy_title color=&#8220;#ffffff&#8220; size=&#8220;28&#8243; font_weight=&#8220;300&#8243; txt_transform=&#8220;none&#8220; margin_bottom=&#8220;10&#8243; font_family=&#8220;none&#8220;]Domaine Gen\u00e9vaz[\/mk_fancy_title][vc_column_text el_class=&#8220;white&#8220; css=&#8220;.vc_custom_1552323943153{margin-bottom: 0px !important;}&#8220;]Chasselas, Pinot Noir, Doral und Diolinoir sind die wichtigsten Rebsorten, die Josiane Malherbe von ihrem Vater \u00fcbernahm und heute kultiviert. Neben den drei Chasselas, dem Ros\u00e9 Oeil-de-Perdrix und einem sehr edlen Pinot Noir sind ihre besten Weine einerseits der \u201eRenardeau\u201c \u2013 eine Assemblage von Diolinoir, Gamaret und Garanoir aus dem Eichenfass \u2013, dann der \u201eDoral Tradition\u201c und der \u201eDoral R\u00e9serve\u201c sowie ein traditionell gekelterter Schaumwein.[\/vc_column_text][mk_button dimension=&#8220;flat&#8220; icon=&#8220;mk-moon-link-4&#8243; url=&#8220;http:\/\/www.genevaz.ch\/&#8220; margin_bottom=&#8220;40&#8243;]Domaine Gen\u00e9vaz[\/mk_button][\/vc_column_inner][\/vc_row_inner][\/mk_custom_box][mk_padding_divider][mk_custom_box padding_vertical=&#8220;0&#8243; padding_horizental=&#8220;0&#8243; margin_bottom=&#8220;0&#8243; min_height=&#8220;630&#8243; bg_color=&#8220;#000000&#8243; background_hov_color_style=&#8220;image&#8220; bg_hov_color=&#8220;#111111&#8243; elevation_effect=&#8220;true&#8220;][mk_image src=&#8220;https:\/\/caveaucorto.ch\/wp-content\/uploads\/2019\/03\/nb-j_duboux_193.jpg&#8220; image_size=&#8220;large&#8220;][vc_row_inner is_fullwidth_content=&#8220;false&#8220; css=&#8220;.vc_custom_1510912443999{padding-top: 40px !important;padding-right: 50px !important;padding-left: 35px !important;}&#8220;][vc_column_inner][mk_fancy_title color=&#8220;#ffffff&#8220; size=&#8220;28&#8243; font_weight=&#8220;300&#8243; txt_transform=&#8220;none&#8220; margin_bottom=&#8220;10&#8243; font_family=&#8220;none&#8220;]Cave Duboux[\/mk_fancy_title][vc_column_text el_class=&#8220;white&#8220; css=&#8220;.vc_custom_1552323956349{margin-bottom: 0px !important;}&#8220;]Die 3 Chasselas der Familie Duboux sind eine wahre Freude f\u00fcr die Liebhaber dieses trockenen Weissweins, so typisch f\u00fcr das Lavaux und den Kanton Waadt. Der D\u00e9zaley Grand Cru, der Villette und der Epesses holen sich immer mal wieder eine Auszeichnung. Zur Abwechslung keltern die Duboux zudem einen Pinot Gris, einen Ros\u00e9 de Gamay, einen Pinot Noir und einen Cabernet-Sauvignon.[\/vc_column_text][mk_button dimension=&#8220;flat&#8220; icon=&#8220;mk-moon-link-4&#8243; url=&#8220;http:\/\/www.caveduboux.ch\/&#8220; margin_bottom=&#8220;40&#8243;]Cave Duboux[\/mk_button][\/vc_column_inner][\/vc_row_inner][\/mk_custom_box][mk_padding_divider][mk_custom_box padding_vertical=&#8220;0&#8243; padding_horizental=&#8220;0&#8243; margin_bottom=&#8220;0&#8243; min_height=&#8220;630&#8243; bg_color=&#8220;#000000&#8243; background_hov_color_style=&#8220;image&#8220; bg_hov_color=&#8220;#111111&#8243; elevation_effect=&#8220;true&#8220;][mk_image src=&#8220;https:\/\/caveaucorto.ch\/wp-content\/uploads\/2017\/11\/corto-agenda.jpg&#8220; image_size=&#8220;large&#8220;][vc_row_inner is_fullwidth_content=&#8220;false&#8220; css=&#8220;.vc_custom_1510912443999{padding-top: 40px !important;padding-right: 50px !important;padding-left: 35px !important;}&#8220;][vc_column_inner][mk_fancy_title color=&#8220;#ffffff&#8220; size=&#8220;28&#8243; font_weight=&#8220;300&#8243; txt_transform=&#8220;none&#8220; margin_bottom=&#8220;10&#8243; font_family=&#8220;none&#8220;]Daniel Malherbe[\/mk_fancy_title][vc_column_text el_class=&#8220;white&#8220; css=&#8220;.vc_custom_1552323964741{margin-bottom: 0px !important;}&#8220;]Daniel Malherbe kultiviert seine Reben auf 2 Hektaren Land, teils im Lavaux und teils im Wallis in Saillon. Aus Villette stammen ein Chasselas, ein Pinot Gris und ein Oeil de Perdrix, dazu kommt der Pinot Noir AOC aus Saillon.[\/vc_column_text][mk_button dimension=&#8220;flat&#8220; icon=&#8220;mk-moon-link-4&#8243; url=&#8220;mailto:daniel.malherbe@bluewin.ch&#8220; margin_bottom=&#8220;40&#8243;]\u00c9crire un mail \u00e0 Daniel Malherbe[\/mk_button][\/vc_column_inner][\/vc_row_inner][\/mk_custom_box][\/vc_column][vc_column width=&#8220;1\/2&#8243;][mk_custom_box padding_vertical=&#8220;0&#8243; padding_horizental=&#8220;0&#8243; margin_bottom=&#8220;0&#8243; min_height=&#8220;630&#8243; bg_color=&#8220;#000000&#8243; background_hov_color_style=&#8220;image&#8220; bg_hov_color=&#8220;#111111&#8243; elevation_effect=&#8220;true&#8220;][mk_image src=&#8220;https:\/\/caveaucorto.ch\/wp-content\/uploads\/2020\/01\/cave-du-vieux-pressoir-pour-site-intenret.jpg&#8220; image_size=&#8220;large&#8220;][vc_row_inner is_fullwidth_content=&#8220;false&#8220; css=&#8220;.vc_custom_1510912443999{padding-top: 40px !important;padding-right: 50px !important;padding-left: 35px !important;}&#8220;][vc_column_inner][mk_fancy_title color=&#8220;#ffffff&#8220; size=&#8220;28&#8243; font_weight=&#8220;300&#8243; txt_transform=&#8220;none&#8220; margin_bottom=&#8220;10&#8243; font_family=&#8220;none&#8220;]Cave du Vieux Pressoir[\/mk_fancy_title][vc_column_text el_class=&#8220;white&#8220; css=&#8220;.vc_custom_1552323921946{margin-bottom: 0px !important;}&#8220;]Der Winzer und Kellermeister Rocco Cantoro produziert 7 Lavaux AOC-zertifizierte Weine in Epesses und Villette. Stolz schm\u00fcckt sie die Etikette der Cave du Vieux Pressoir. Besonders erw\u00e4hnenswert sind die im Eichenfass gereiften Merlot \u201eDiamant Noir\u201c und Syrah-Gamaret \u201eRocoline\u201c, begleitet vom Pinot Noir \u201eSensation Lavaux\u201c. Der Chasselas d\u2019Epesses wird auch heute noch mit der Waagebalken-Presse aus dem Jahr 1877 gekeltert, die dem Weinkeller seinen Namen gegeben hat. Die neue Sensation: Ein Chasselas \u201eD\u00e9zaley Grand Cru\u201c.[\/vc_column_text][mk_button dimension=&#8220;flat&#8220; icon=&#8220;mk-moon-link-4&#8243; url=&#8220;http:\/\/www.vieuxpressoir-vins.ch&#8220; margin_bottom=&#8220;40&#8243;]Cave du Vieux Pressoir[\/mk_button][\/vc_column_inner][\/vc_row_inner][\/mk_custom_box][mk_padding_divider][mk_custom_box padding_vertical=&#8220;0&#8243; padding_horizental=&#8220;0&#8243; margin_bottom=&#8220;0&#8243; min_height=&#8220;630&#8243; bg_color=&#8220;#000000&#8243; background_hov_color_style=&#8220;image&#8220; bg_hov_color=&#8220;#111111&#8243; elevation_effect=&#8220;true&#8220;][mk_image src=&#8220;https:\/\/caveaucorto.ch\/wp-content\/uploads\/2019\/04\/hug.jpeg&#8220; image_size=&#8220;large&#8220;][vc_row_inner is_fullwidth_content=&#8220;false&#8220; css=&#8220;.vc_custom_1510912443999{padding-top: 40px !important;padding-right: 50px !important;padding-left: 35px !important;}&#8220;][vc_column_inner][mk_fancy_title color=&#8220;#ffffff&#8220; size=&#8220;28&#8243; font_weight=&#8220;300&#8243; txt_transform=&#8220;none&#8220; margin_bottom=&#8220;10&#8243; font_family=&#8220;none&#8220;]Cave Hug[\/mk_fancy_title][vc_column_text el_class=&#8220;white&#8220; css=&#8220;.vc_custom_1552323935829{margin-bottom: 0px !important;}&#8220;]Emmanuel und Christine Hug kultivieren ihre Reben im Gebiet von Chatagny und Corcelles-le-Jorat. Ihre mit fundiertem Wissen produzierten Chasselas und Pinot Noir haben schon mehrere Auszeichnungen davongetragen. Zu den Spezialit\u00e4ten z\u00e4hlen ein Sauvignon Blanc, ein Chardonnay und ein Lik\u00f6r-Wein, aber auch Rotweine wie der Plant-Robert oder Merlot.[\/vc_column_text][mk_button dimension=&#8220;flat&#8220; icon=&#8220;mk-moon-link-4&#8243; url=&#8220;https:\/\/www.cavehug.ch\/&#8220; margin_bottom=&#8220;40&#8243;]Cave Hug[\/mk_button][\/vc_column_inner][\/vc_row_inner][\/mk_custom_box][mk_padding_divider][mk_custom_box padding_vertical=&#8220;0&#8243; padding_horizental=&#8220;0&#8243; margin_bottom=&#8220;0&#8243; min_height=&#8220;630&#8243; bg_color=&#8220;#000000&#8243; background_hov_color_style=&#8220;image&#8220; bg_hov_color=&#8220;#111111&#8243; elevation_effect=&#8220;true&#8220;][mk_image src=&#8220;https:\/\/caveaucorto.ch\/wp-content\/uploads\/2019\/03\/duflon.jpg&#8220; image_size=&#8220;large&#8220;][vc_row_inner is_fullwidth_content=&#8220;false&#8220; css=&#8220;.vc_custom_1510912443999{padding-top: 40px !important;padding-right: 50px !important;padding-left: 35px !important;}&#8220;][vc_column_inner][mk_fancy_title color=&#8220;#ffffff&#8220; size=&#8220;28&#8243; font_weight=&#8220;300&#8243; txt_transform=&#8220;none&#8220; margin_bottom=&#8220;10&#8243; font_family=&#8220;none&#8220;]Domaine de Cr\u00e9taz[\/mk_fancy_title][vc_column_text el_class=&#8220;white&#8220; css=&#8220;.vc_custom_1552323949532{margin-bottom: 0px !important;}&#8220;]F\u00fcr Jean-Pierre und Bertrand Duflon ist der Chasselas der K\u00f6nig unter den Waadtl\u00e4nder Rebsorten, und sie kultivieren deren drei mit einem hohen Qualit\u00e4tsniveau. Ebenso geh\u00f6ren die edels\u00fcssen Weine zu ihren Favoriten, wie der Gew\u00fcrztraminer \u201eL\u2019Apog\u00e9e\u201c und der Diolinoir \u201eP\u00e9rig\u00e9e\u201c. Ihr Weinkeller beherbergt daneben auch Pinot Noir, eine rote Assemblage, einen Pinot Noir Ros\u00e9 und die Weissweine Chardonnay und Sylvaner.[\/vc_column_text][mk_button dimension=&#8220;flat&#8220; icon=&#8220;mk-moon-link-4&#8243; url=&#8220;http:\/\/www.duflon.ch\/&#8220; margin_bottom=&#8220;40&#8243;]Domaine de Cr\u00e9taz[\/mk_button][\/vc_column_inner][\/vc_row_inner][\/mk_custom_box][mk_padding_divider][mk_custom_box padding_vertical=&#8220;0&#8243; padding_horizental=&#8220;0&#8243; margin_bottom=&#8220;0&#8243; min_height=&#8220;630&#8243; bg_color=&#8220;#000000&#8243; background_hov_color_style=&#8220;image&#8220; bg_hov_color=&#8220;#111111&#8243; elevation_effect=&#8220;true&#8220;][mk_image src=&#8220;https:\/\/caveaucorto.ch\/wp-content\/uploads\/2019\/03\/bars-vivian.jpeg&#8220; image_size=&#8220;large&#8220;][vc_row_inner is_fullwidth_content=&#8220;false&#8220; css=&#8220;.vc_custom_1510912443999{padding-top: 40px !important;padding-right: 50px !important;padding-left: 35px !important;}&#8220;][vc_column_inner][mk_fancy_title color=&#8220;#ffffff&#8220; size=&#8220;28&#8243; font_weight=&#8220;300&#8243; txt_transform=&#8220;none&#8220; margin_bottom=&#8220;10&#8243; font_family=&#8220;none&#8220;]Union Vinicole de Cully[\/mk_fancy_title][vc_column_text el_class=&#8220;white&#8220; css=&#8220;.vc_custom_1552323977241{margin-bottom: 0px !important;}&#8220;]Die in 1937 gegr\u00fcndete Winzervereinigung Union Vinicole de Cully ist eine Kooperative von rund 40 Weinbauern, alle unabh\u00e4ngige Rebbergbesitzer. Die Reben werden nach den umweltfreundlichen Methoden der integrierten Produktion kultiviert. Die Verarbeitung der Ernte, die Kelterung und Abf\u00fcllung finden in den R\u00e4umlichkeiten statt. Dank dieses Systems erhalten sie Weine, die alle ihren ganz eigenen Charakter des jeweiligen Anbaugebiets widerspiegeln.[\/vc_column_text][mk_button dimension=&#8220;flat&#8220; icon=&#8220;mk-moon-link-4&#8243; url=&#8220;http:\/\/www.uvc.ch\/&#8220; margin_bottom=&#8220;40&#8243;]Union Vinicole de Cully[\/mk_button][\/vc_column_inner][\/vc_row_inner][\/mk_custom_box][\/vc_column][\/vc_row]\n<\/div>","protected":false},"excerpt":{"rendered":"<p>[mk_page_section bg_image=&#8220;https:\/\/caveaucorto.ch\/wp-content\/uploads\/2018\/01\/corto-vignerons-dos.jpg&#8220; bg_position=&#8220;center top&#8220; bg_repeat=&#8220;no-repeat&#8220; bg_stretch=&#8220;true&#8220; video_color_mask=&#8220;#000000&#8243; video_opacity=&#8220;0.3&#8243; min_height=&#8220;700&#8243; js_vertical_centered=&#8220;true&#8220; sidebar=&#8220;sidebar-1&#8243;][vc_column][mk_fancy_title tag_name=&#8220;h1&#8243; color=&#8220;#ffffff&#8220; size=&#8220;70&#8243; force_font_size=&#8220;true&#8220; size_tablet=&#8220;70&#8243; font_weight=&#8220;300&#8243; txt_transform=&#8220;none&#8220; margin_bottom=&#8220;0&#8243; font_family=&#8220;none&#8220; align=&#8220;center&#8220;]Unsere Weinbauern heissen Sie willkommen.[\/mk_fancy_title][mk_divider style=&#8220;thin_solid&#8220; divider_width=&#8220;custom_width&#8220; custom_width=&#8220;140&#8243; thin_single_color=&#8220;#8d121b&#8220; thickness=&#8220;3&#8243; margin_top=&#8220;0&#8243; margin_bottom=&#8220;30&#8243;][vc_row_inner][vc_column_inner width=&#8220;1\/6&#8243;][\/vc_column_inner][vc_column_inner width=&#8220;2\/3&#8243;][mk_fancy_title tag_name=&#8220;span&#8220; color=&#8220;#ffffff&#8220; size=&#8220;22&#8243; line_height=&#8220;180&#8243; txt_transform=&#8220;none&#8220; font_family=&#8220;none&#8220; align=&#8220;center&#8220;]An der Bar werden Sie abwechslungsweise von einem der Winzer aus Grandvaux empfangen und zum [&hellip;]<\/p>\n","protected":false},"author":1,"featured_media":0,"parent":0,"menu_order":0,"comment_status":"closed","ping_status":"closed","template":"","meta":{"footnotes":""},"class_list":["post-64","page","type-page","status-publish","hentry"],"yoast_head":"<!-- This site is optimized with the Yoast SEO plugin v26.7 - https:\/\/yoast.com\/wordpress\/plugins\/seo\/ -->\n<title>Weinbauern - Le Caveau Corto \u00e0 Grandvaux<\/title>\n<meta name=\"description\" content=\"Chaque semaine au Caveau Corto, l&#039;un des 12 vignerons passe derri\u00e8re le bar pour vous faire d\u00e9couvrir ses vins. D\u00e9couvrez ces 12 producteurs.\" \/>\n<meta name=\"robots\" content=\"index, follow, max-snippet:-1, max-image-preview:large, max-video-preview:-1\" \/>\n<link rel=\"canonical\" href=\"https:\/\/caveaucorto.ch\/vignerons\/\" \/>\n<meta property=\"og:locale\" content=\"de_DE\" \/>\n<meta property=\"og:type\" content=\"article\" \/>\n<meta property=\"og:title\" content=\"Weinbauern - Le Caveau Corto \u00e0 Grandvaux\" \/>\n<meta property=\"og:description\" content=\"Chaque semaine au Caveau Corto, l&#039;un des 12 vignerons passe derri\u00e8re le bar pour vous faire d\u00e9couvrir ses vins. D\u00e9couvrez ces 12 producteurs.\" \/>\n<meta property=\"og:url\" content=\"https:\/\/caveaucorto.ch\/vignerons\/\" \/>\n<meta property=\"og:site_name\" content=\"Le Caveau Corto \u00e0 Grandvaux\" \/>\n<meta property=\"article:publisher\" content=\"https:\/\/www.facebook.com\/pages\/Caveau-De-Mont-Sur-Rolle\/165398706811172?rf=204341609608247\" \/>\n<meta property=\"article:modified_time\" content=\"2025-01-24T10:52:20+00:00\" \/>\n<meta property=\"og:image\" content=\"https:\/\/caveaucorto.ch\/wp-content\/uploads\/2018\/01\/corto-vins-soleil.jpg\" \/>\n\t<meta property=\"og:image:width\" content=\"1920\" \/>\n\t<meta property=\"og:image:height\" content=\"1040\" \/>\n\t<meta property=\"og:image:type\" content=\"image\/jpeg\" \/>\n<meta name=\"twitter:card\" content=\"summary_large_image\" \/>\n<meta name=\"twitter:label1\" content=\"Gesch\u00e4tzte Lesezeit\" \/>\n\t<meta name=\"twitter:data1\" content=\"6\u00a0Minuten\" \/>\n<script type=\"application\/ld+json\" class=\"yoast-schema-graph\">{\"@context\":\"https:\/\/schema.org\",\"@graph\":[{\"@type\":\"WebPage\",\"@id\":\"https:\/\/caveaucorto.ch\/vignerons\/\",\"url\":\"https:\/\/caveaucorto.ch\/vignerons\/\",\"name\":\"Weinbauern - Le Caveau Corto \u00e0 Grandvaux\",\"isPartOf\":{\"@id\":\"https:\/\/caveaucorto.ch\/fr\/#website\"},\"datePublished\":\"2017-11-17T09:36:55+00:00\",\"dateModified\":\"2025-01-24T10:52:20+00:00\",\"description\":\"Chaque semaine au Caveau Corto, l'un des 12 vignerons passe derri\u00e8re le bar pour vous faire d\u00e9couvrir ses vins. D\u00e9couvrez ces 12 producteurs.\",\"breadcrumb\":{\"@id\":\"https:\/\/caveaucorto.ch\/vignerons\/#breadcrumb\"},\"inLanguage\":\"de\",\"potentialAction\":[{\"@type\":\"ReadAction\",\"target\":[\"https:\/\/caveaucorto.ch\/vignerons\/\"]}]},{\"@type\":\"BreadcrumbList\",\"@id\":\"https:\/\/caveaucorto.ch\/vignerons\/#breadcrumb\",\"itemListElement\":[{\"@type\":\"ListItem\",\"position\":1,\"name\":\"Accueil\",\"item\":\"https:\/\/caveaucorto.ch\/\"},{\"@type\":\"ListItem\",\"position\":2,\"name\":\"Vignerons\"}]},{\"@type\":\"WebSite\",\"@id\":\"https:\/\/caveaucorto.ch\/fr\/#website\",\"url\":\"https:\/\/caveaucorto.ch\/fr\/\",\"name\":\"Le Caveau Corto \u00e0 Grandvaux\",\"description\":\"\",\"publisher\":{\"@id\":\"https:\/\/caveaucorto.ch\/fr\/#organization\"},\"potentialAction\":[{\"@type\":\"SearchAction\",\"target\":{\"@type\":\"EntryPoint\",\"urlTemplate\":\"https:\/\/caveaucorto.ch\/fr\/?s={search_term_string}\"},\"query-input\":{\"@type\":\"PropertyValueSpecification\",\"valueRequired\":true,\"valueName\":\"search_term_string\"}}],\"inLanguage\":\"de\"},{\"@type\":\"Organization\",\"@id\":\"https:\/\/caveaucorto.ch\/fr\/#organization\",\"name\":\"Caveau Corto\",\"url\":\"https:\/\/caveaucorto.ch\/fr\/\",\"logo\":{\"@type\":\"ImageObject\",\"inLanguage\":\"de\",\"@id\":\"https:\/\/caveaucorto.ch\/fr\/#\/schema\/logo\/image\/\",\"url\":\"https:\/\/caveaucorto.ch\/wp-content\/uploads\/2017\/11\/logo-black.png\",\"contentUrl\":\"https:\/\/caveaucorto.ch\/wp-content\/uploads\/2017\/11\/logo-black.png\",\"width\":400,\"height\":171,\"caption\":\"Caveau Corto\"},\"image\":{\"@id\":\"https:\/\/caveaucorto.ch\/fr\/#\/schema\/logo\/image\/\"},\"sameAs\":[\"https:\/\/www.facebook.com\/pages\/Caveau-De-Mont-Sur-Rolle\/165398706811172?rf=204341609608247\"]}]}<\/script>\n<!-- \/ Yoast SEO plugin. -->","yoast_head_json":{"title":"Weinbauern - Le Caveau Corto \u00e0 Grandvaux","description":"Chaque semaine au Caveau Corto, l'un des 12 vignerons passe derri\u00e8re le bar pour vous faire d\u00e9couvrir ses vins. D\u00e9couvrez ces 12 producteurs.","robots":{"index":"index","follow":"follow","max-snippet":"max-snippet:-1","max-image-preview":"max-image-preview:large","max-video-preview":"max-video-preview:-1"},"canonical":"https:\/\/caveaucorto.ch\/vignerons\/","og_locale":"de_DE","og_type":"article","og_title":"Weinbauern - Le Caveau Corto \u00e0 Grandvaux","og_description":"Chaque semaine au Caveau Corto, l'un des 12 vignerons passe derri\u00e8re le bar pour vous faire d\u00e9couvrir ses vins. D\u00e9couvrez ces 12 producteurs.","og_url":"https:\/\/caveaucorto.ch\/vignerons\/","og_site_name":"Le Caveau Corto \u00e0 Grandvaux","article_publisher":"https:\/\/www.facebook.com\/pages\/Caveau-De-Mont-Sur-Rolle\/165398706811172?rf=204341609608247","article_modified_time":"2025-01-24T10:52:20+00:00","og_image":[{"width":1920,"height":1040,"url":"https:\/\/caveaucorto.ch\/wp-content\/uploads\/2018\/01\/corto-vins-soleil.jpg","type":"image\/jpeg"}],"twitter_card":"summary_large_image","twitter_misc":{"Gesch\u00e4tzte Lesezeit":"6\u00a0Minuten"},"schema":{"@context":"https:\/\/schema.org","@graph":[{"@type":"WebPage","@id":"https:\/\/caveaucorto.ch\/vignerons\/","url":"https:\/\/caveaucorto.ch\/vignerons\/","name":"Weinbauern - Le Caveau Corto \u00e0 Grandvaux","isPartOf":{"@id":"https:\/\/caveaucorto.ch\/fr\/#website"},"datePublished":"2017-11-17T09:36:55+00:00","dateModified":"2025-01-24T10:52:20+00:00","description":"Chaque semaine au Caveau Corto, l'un des 12 vignerons passe derri\u00e8re le bar pour vous faire d\u00e9couvrir ses vins. D\u00e9couvrez ces 12 producteurs.","breadcrumb":{"@id":"https:\/\/caveaucorto.ch\/vignerons\/#breadcrumb"},"inLanguage":"de","potentialAction":[{"@type":"ReadAction","target":["https:\/\/caveaucorto.ch\/vignerons\/"]}]},{"@type":"BreadcrumbList","@id":"https:\/\/caveaucorto.ch\/vignerons\/#breadcrumb","itemListElement":[{"@type":"ListItem","position":1,"name":"Accueil","item":"https:\/\/caveaucorto.ch\/"},{"@type":"ListItem","position":2,"name":"Vignerons"}]},{"@type":"WebSite","@id":"https:\/\/caveaucorto.ch\/fr\/#website","url":"https:\/\/caveaucorto.ch\/fr\/","name":"Le Caveau Corto \u00e0 Grandvaux","description":"","publisher":{"@id":"https:\/\/caveaucorto.ch\/fr\/#organization"},"potentialAction":[{"@type":"SearchAction","target":{"@type":"EntryPoint","urlTemplate":"https:\/\/caveaucorto.ch\/fr\/?s={search_term_string}"},"query-input":{"@type":"PropertyValueSpecification","valueRequired":true,"valueName":"search_term_string"}}],"inLanguage":"de"},{"@type":"Organization","@id":"https:\/\/caveaucorto.ch\/fr\/#organization","name":"Caveau Corto","url":"https:\/\/caveaucorto.ch\/fr\/","logo":{"@type":"ImageObject","inLanguage":"de","@id":"https:\/\/caveaucorto.ch\/fr\/#\/schema\/logo\/image\/","url":"https:\/\/caveaucorto.ch\/wp-content\/uploads\/2017\/11\/logo-black.png","contentUrl":"https:\/\/caveaucorto.ch\/wp-content\/uploads\/2017\/11\/logo-black.png","width":400,"height":171,"caption":"Caveau Corto"},"image":{"@id":"https:\/\/caveaucorto.ch\/fr\/#\/schema\/logo\/image\/"},"sameAs":["https:\/\/www.facebook.com\/pages\/Caveau-De-Mont-Sur-Rolle\/165398706811172?rf=204341609608247"]}]}},"_links":{"self":[{"href":"https:\/\/caveaucorto.ch\/de\/wp-json\/wp\/v2\/pages\/64","targetHints":{"allow":["GET"]}}],"collection":[{"href":"https:\/\/caveaucorto.ch\/de\/wp-json\/wp\/v2\/pages"}],"about":[{"href":"https:\/\/caveaucorto.ch\/de\/wp-json\/wp\/v2\/types\/page"}],"author":[{"embeddable":true,"href":"https:\/\/caveaucorto.ch\/de\/wp-json\/wp\/v2\/users\/1"}],"replies":[{"embeddable":true,"href":"https:\/\/caveaucorto.ch\/de\/wp-json\/wp\/v2\/comments?post=64"}],"version-history":[{"count":57,"href":"https:\/\/caveaucorto.ch\/de\/wp-json\/wp\/v2\/pages\/64\/revisions"}],"predecessor-version":[{"id":607,"href":"https:\/\/caveaucorto.ch\/de\/wp-json\/wp\/v2\/pages\/64\/revisions\/607"}],"wp:attachment":[{"href":"https:\/\/caveaucorto.ch\/de\/wp-json\/wp\/v2\/media?parent=64"}],"curies":[{"name":"wp","href":"https:\/\/api.w.org\/{rel}","templated":true}]}}