{"id":25,"date":"2017-09-19T09:16:26","date_gmt":"2017-09-19T07:16:26","guid":{"rendered":"https:\/\/demos.artbees.net\/jupiter\/dionysus\/?page_id=25"},"modified":"2025-12-08T13:57:36","modified_gmt":"2025-12-08T12:57:36","slug":"agenda","status":"publish","type":"page","link":"https:\/\/caveaucorto.ch\/de\/agenda\/","title":{"rendered":"Agenda"},"content":{"rendered":"<div class=\"wpb-content-wrapper\">[mk_page_section bg_image=&#8220;https:\/\/caveaucorto.ch\/wp-content\/uploads\/2018\/01\/corto-vins-soleil.jpg&#8220; bg_position=&#8220;center center&#8220; bg_repeat=&#8220;no-repeat&#8220; bg_stretch=&#8220;true&#8220; video_color_mask=&#8220;#000000&#8243; video_opacity=&#8220;0.5&#8243; min_height=&#8220;700&#8243; js_vertical_centered=&#8220;true&#8220; sidebar=&#8220;sidebar-1&#8243;][vc_column][mk_fancy_title tag_name=&#8220;h1&#8243; color=&#8220;#ffffff&#8220; size=&#8220;70&#8243; force_font_size=&#8220;true&#8220; size_tablet=&#8220;70&#8243; font_weight=&#8220;300&#8243; txt_transform=&#8220;none&#8220; margin_bottom=&#8220;0&#8243; font_family=&#8220;none&#8220; align=&#8220;center&#8220;]Verlangen Sie das Programm.[\/mk_fancy_title][mk_divider style=&#8220;thin_solid&#8220; divider_width=&#8220;custom_width&#8220; custom_width=&#8220;140&#8243; thin_single_color=&#8220;#8d121b&#8220; thickness=&#8220;3&#8243; margin_top=&#8220;0&#8243; margin_bottom=&#8220;30&#8243;][vc_row_inner][vc_column_inner width=&#8220;1\/6&#8243;][\/vc_column_inner][vc_column_inner width=&#8220;2\/3&#8243;][mk_fancy_title tag_name=&#8220;span&#8220; color=&#8220;#ffffff&#8220; size=&#8220;22&#8243; line_height=&#8220;180&#8243; txt_transform=&#8220;none&#8220; font_family=&#8220;none&#8220; align=&#8220;center&#8220;]Von April bis Oktober pr\u00e4sentieren Ihnen Weinbauern aus dem Lavaux abwechslungsweise ihre Weine im Caveau Corto. Spezielle Veranstaltungen vertiefen dabei das Erlebnis dieser Region.[\/mk_fancy_title][\/vc_column_inner][vc_column_inner width=&#8220;1\/6&#8243;][\/vc_column_inner][\/vc_row_inner][\/vc_column][\/mk_page_section][vc_row][vc_column][mk_padding_divider size=&#8220;120&#8243;][\/vc_column][vc_column width=&#8220;1\/2&#8243;][mk_fancy_title tag_name=&#8220;h3&#8243; color=&#8220;#111111&#8243; size=&#8220;32&#8243; font_weight=&#8220;400&#8243; txt_transform=&#8220;capitalize&#8220; margin_bottom=&#8220;0&#8243; font_family=&#8220;Playfair+Display&#8220; font_type=&#8220;google&#8220;]Brisol\u00e9e und Schneckenessen[\/mk_fancy_title][mk_fancy_title tag_name=&#8220;span&#8220; color=&#8220;#111111&#8243; size=&#8220;18&#8243; font_weight=&#8220;400&#8243; txt_transform=&#8220;none&#8220; font_family=&#8220;Playfair+Display&#8220; font_type=&#8220;google&#8220;]Jedes Jahr findet im Caveau Corto am letzten Wochenende im Mai ein festliches Schneckenmahl statt. Das typische Herbstgericht Brisol\u00e9e, Spezialit\u00e4t unserer Nachbarn aus dem Wallis, wird zum Abschluss der Saison am letzten Wochenende im Oktober serviert.[\/mk_fancy_title][\/vc_column][vc_column width=&#8220;1\/2&#8243;][\/vc_column][vc_column][mk_padding_divider size=&#8220;60&#8243; visibility=&#8220;hidden-sm&#8220;][\/vc_column][\/vc_row][vc_row][vc_column width=&#8220;1\/4&#8243;][mk_fancy_title tag_name=&#8220;h3&#8243; color=&#8220;#111111&#8243; size=&#8220;32&#8243; font_weight=&#8220;400&#8243; txt_transform=&#8220;capitalize&#8220; margin_bottom=&#8220;0&#8243; font_family=&#8220;Playfair+Display&#8220; font_type=&#8220;google&#8220;]Agenda[\/mk_fancy_title][mk_fancy_title tag_name=&#8220;span&#8220; color=&#8220;#111111&#8243; size=&#8220;18&#8243; font_weight=&#8220;400&#8243; txt_transform=&#8220;none&#8220; font_family=&#8220;Playfair+Display&#8220; font_type=&#8220;google&#8220;]Hier finden Sie das Wochenprogramm des Caveau Corto. Besuchen Sie Ihren bevorzugten Weinbauer oder lernen Sie jemanden Neuen kennen. Weitere Informationen \u00fcber die einzelnen Winzer finden Sie auf der Seite \u201eUnsere Weinbauern\u201c.[\/mk_fancy_title][\/vc_column][vc_column width=&#8220;3\/4&#8243;][mk_table style=&#8220;style2&#8243;]\n<table width=\"100%\">\n<thead>\n<tr>\n<th>Du<\/th>\n<th>Au<\/th>\n<th>Qui<\/th>\n<\/tr>\n<\/thead>\n<tbody>\n<tr>\n<td>08\/04\/2026<\/td>\n<td>12\/04\/2026<\/td>\n<td>Concours Th\u00e9\u00e2tral FVJC 2026 Grandvaux<\/td>\n<\/tr>\n<tr>\n<td>17\/04\/2026<\/td>\n<td>19\/04\/2026<\/td>\n<td><strong>FERM\u00c9<\/strong><\/td>\n<\/tr>\n<tr>\n<td>24\/04\/2026<\/td>\n<td>26\/04\/2026<\/td>\n<td>Montreux Riviera<\/td>\n<\/tr>\n<tr>\n<td>01\/05\/2026<\/td>\n<td>03\/05\/2026<\/td>\n<td>Domaine de Cr\u00e9taz \/ J.-Pierre DUFLON<\/td>\n<\/tr>\n<tr>\n<td>08\/05\/2026<\/td>\n<td>10\/05\/2026<\/td>\n<td>Cave du Vieux Pressoir \/ R. CANTORO<\/td>\n<\/tr>\n<tr>\n<td>14\/05\/2026<\/td>\n<td>17\/05\/2026<\/td>\n<td>Cave DUBOUX<\/td>\n<\/tr>\n<tr>\n<td>22\/05\/2026<\/td>\n<td>25\/05\/2026<\/td>\n<td>Domaine de Cr\u00e9taz \/ J.-Pierre DUFLON<\/td>\n<\/tr>\n<tr>\n<td>29\/05\/2026<\/td>\n<td>31\/05\/2026<\/td>\n<td><strong>FESTIN D\u2019ESCARGOTS<\/strong><\/td>\n<\/tr>\n<tr>\n<td>05\/06\/2026<\/td>\n<td>07\/06\/2026<\/td>\n<td>Union Vinicole Cully<\/td>\n<\/tr>\n<tr>\n<td>12\/06\/2026<\/td>\n<td>14\/06\/2026<\/td>\n<td>Corcelles-le-Jorat \/ Emmanuel HUG<\/td>\n<\/tr>\n<tr>\n<td>19\/06\/2026<\/td>\n<td>21\/06\/2026<\/td>\n<td>Josiane MALHERBE<\/td>\n<\/tr>\n<tr>\n<td>26\/06\/2026<\/td>\n<td>28\/06\/2026<\/td>\n<td>Cave du Vieux Pressoir \/ R. CANTORO<\/td>\n<\/tr>\n<tr>\n<td>03\/07\/2026<\/td>\n<td>05\/07\/2026<\/td>\n<td>Aur\u00e9lia &amp; Jacques JOLY<\/td>\n<\/tr>\n<tr>\n<td>10\/07\/2026<\/td>\n<td>12\/07\/2026<\/td>\n<td>Domaine de la Crausaz \/ Dizerens J&amp;M<\/td>\n<\/tr>\n<tr>\n<td>17\/07\/2026<\/td>\n<td>19\/07\/2026<\/td>\n<td>Cave DUBOUX<\/td>\n<\/tr>\n<tr>\n<td>24\/07\/2026<\/td>\n<td>26\/07\/2026<\/td>\n<td>Aur\u00e9lia &amp; Jacques JOLY<\/td>\n<\/tr>\n<tr>\n<td>31\/07\/2026<\/td>\n<td>02\/08\/2026<\/td>\n<td>Union Vinicole Cully<\/td>\n<\/tr>\n<tr>\n<td>07\/08\/2026<\/td>\n<td>09\/08\/2026<\/td>\n<td>Corcelles-le-Jorat \/ Emmanuel HUG<\/td>\n<\/tr>\n<tr>\n<td>14\/08\/2026<\/td>\n<td>16\/08\/2026<\/td>\n<td>Josiane MALHERBE<\/td>\n<\/tr>\n<tr>\n<td>21\/08\/2026<\/td>\n<td>23\/08\/2026<\/td>\n<td>Les Amis du caveau \u2013 Famille Delessert<\/td>\n<\/tr>\n<tr>\n<td>28\/08\/2026<\/td>\n<td>30\/08\/2026<\/td>\n<td>Domaine de Cr\u00e9taz \/ J.-Pierre DUFLON<\/td>\n<\/tr>\n<tr>\n<td>04\/09\/2026<\/td>\n<td>06\/09\/2026<\/td>\n<td>Domaine de la Crausaz \/ Dizerens J&amp;M<\/td>\n<\/tr>\n<tr>\n<td>11\/09\/2026<\/td>\n<td>13\/09\/2026<\/td>\n<td>Union Vinicole Cully<\/td>\n<\/tr>\n<tr>\n<td>18\/09\/2026<\/td>\n<td>21\/09\/2026<\/td>\n<td>Les Amis du caveau \u2013 Famille Delessert<\/td>\n<\/tr>\n<tr>\n<td>25\/09\/2026<\/td>\n<td>27\/09\/2026<\/td>\n<td>Jeunesse de Grandvaux<\/td>\n<\/tr>\n<tr>\n<td>02\/10\/2026<\/td>\n<td>04\/10\/2026<\/td>\n<td>Les Amis du caveau \u2013 Mme Mermod<\/td>\n<\/tr>\n<tr>\n<td>09\/10\/2026<\/td>\n<td>11\/10\/2026<\/td>\n<td>Aur\u00e9lia &amp; Jacques JOLY<\/td>\n<\/tr>\n<tr>\n<td>16\/10\/2026<\/td>\n<td>18\/10\/2026<\/td>\n<td>Lausanne Tourisme Capitale Olympique<\/td>\n<\/tr>\n<tr>\n<td>23\/10\/2026<\/td>\n<td>25\/10\/2026<\/td>\n<td><strong>BRISOLEE<\/strong><\/td>\n<\/tr>\n<\/tbody>\n<\/table>\n[\/mk_table][\/vc_column][\/vc_row][vc_row visibility=&#8220;hidden-sm&#8220;][vc_column][mk_padding_divider size=&#8220;120&#8243; visibility=&#8220;hidden-sm&#8220;][mk_custom_box padding_vertical=&#8220;80&#8243; padding_horizental=&#8220;80&#8243; margin_bottom=&#8220;0&#8243; bg_color=&#8220;#000000&#8243; elevation_effect=&#8220;true&#8220; elevation_effect_distance=&#8220;3&#8243;][vc_row_inner][vc_column_inner width=&#8220;2\/12&#8243;][\/vc_column_inner][vc_column_inner width=&#8220;10\/12&#8243;][mk_fancy_title color=&#8220;#ffffff&#8220; size=&#8220;52&#8243; force_font_size=&#8220;true&#8220; size_tablet=&#8220;30&#8243; font_weight=&#8220;300&#8243; txt_transform=&#8220;none&#8220; font_family=&#8220;none&#8220;]\u00d6FFNUNGSZEITEN[\/mk_fancy_title][mk_fancy_title tag_name=&#8220;span&#8220; color=&#8220;#ffffff&#8220; size=&#8220;24&#8243; force_font_size=&#8220;true&#8220; size_tablet=&#8220;20&#8243; line_height=&#8220;180&#8243; font_weight=&#8220;300&#8243; txt_transform=&#8220;none&#8220; margin_bottom=&#8220;0&#8243; font_family=&#8220;none&#8220; responsive_align=&#8220;left&#8220;]Der Weinkeller Caveau Corto ist jedes Wochenende von April bis Oktober ge\u00f6ffnet.<\/p>\n<p>Freitag von 17.00 bis 21.00 Uhr<br \/>\nSamstag von 16.00 bis 21.00 Uhr<br \/>\nSonntag von 16.00 bis 21.00 Uhr[\/mk_fancy_title][\/vc_column_inner][\/vc_row_inner][\/mk_custom_box][mk_padding_divider size=&#8220;120&#8243; visibility=&#8220;hidden-sm&#8220;][\/vc_column][\/vc_row]\n<\/div>","protected":false},"excerpt":{"rendered":"<p>[mk_page_section bg_image=&#8220;https:\/\/caveaucorto.ch\/wp-content\/uploads\/2018\/01\/corto-vins-soleil.jpg&#8220; bg_position=&#8220;center center&#8220; bg_repeat=&#8220;no-repeat&#8220; bg_stretch=&#8220;true&#8220; video_color_mask=&#8220;#000000&#8243; video_opacity=&#8220;0.5&#8243; min_height=&#8220;700&#8243; js_vertical_centered=&#8220;true&#8220; sidebar=&#8220;sidebar-1&#8243;][vc_column][mk_fancy_title tag_name=&#8220;h1&#8243; color=&#8220;#ffffff&#8220; size=&#8220;70&#8243; force_font_size=&#8220;true&#8220; size_tablet=&#8220;70&#8243; font_weight=&#8220;300&#8243; txt_transform=&#8220;none&#8220; margin_bottom=&#8220;0&#8243; font_family=&#8220;none&#8220; align=&#8220;center&#8220;]Verlangen Sie das Programm.[\/mk_fancy_title][mk_divider style=&#8220;thin_solid&#8220; divider_width=&#8220;custom_width&#8220; custom_width=&#8220;140&#8243; thin_single_color=&#8220;#8d121b&#8220; thickness=&#8220;3&#8243; margin_top=&#8220;0&#8243; margin_bottom=&#8220;30&#8243;][vc_row_inner][vc_column_inner width=&#8220;1\/6&#8243;][\/vc_column_inner][vc_column_inner width=&#8220;2\/3&#8243;][mk_fancy_title tag_name=&#8220;span&#8220; color=&#8220;#ffffff&#8220; size=&#8220;22&#8243; line_height=&#8220;180&#8243; txt_transform=&#8220;none&#8220; font_family=&#8220;none&#8220; align=&#8220;center&#8220;]Von April bis Oktober pr\u00e4sentieren Ihnen Weinbauern aus dem Lavaux abwechslungsweise ihre Weine im Caveau Corto. [&hellip;]<\/p>\n","protected":false},"author":1,"featured_media":0,"parent":0,"menu_order":0,"comment_status":"closed","ping_status":"closed","template":"","meta":{"footnotes":""},"class_list":["post-25","page","type-page","status-publish","hentry"],"yoast_head":"<!-- This site is optimized with the Yoast SEO plugin v26.7 - https:\/\/yoast.com\/wordpress\/plugins\/seo\/ -->\n<title>Agenda - Le Caveau Corto \u00e0 Grandvaux<\/title>\n<meta name=\"description\" content=\"D\u00e9gustez chaque semaine des vins diff\u00e9rents, servis \u00e0 tour de r\u00f4le par les vignerons de Grandvaux.\" \/>\n<meta name=\"robots\" content=\"index, follow, max-snippet:-1, max-image-preview:large, max-video-preview:-1\" \/>\n<link rel=\"canonical\" href=\"https:\/\/caveaucorto.ch\/agenda\/\" \/>\n<meta property=\"og:locale\" content=\"de_DE\" \/>\n<meta property=\"og:type\" content=\"article\" \/>\n<meta property=\"og:title\" content=\"Agenda - Le Caveau Corto \u00e0 Grandvaux\" \/>\n<meta property=\"og:description\" content=\"D\u00e9gustez chaque semaine des vins diff\u00e9rents, servis \u00e0 tour de r\u00f4le par les vignerons de Grandvaux.\" \/>\n<meta property=\"og:url\" content=\"https:\/\/caveaucorto.ch\/agenda\/\" \/>\n<meta property=\"og:site_name\" content=\"Le Caveau Corto \u00e0 Grandvaux\" \/>\n<meta property=\"article:publisher\" content=\"https:\/\/www.facebook.com\/pages\/Caveau-De-Mont-Sur-Rolle\/165398706811172?rf=204341609608247\" \/>\n<meta property=\"article:modified_time\" content=\"2025-12-08T12:57:36+00:00\" \/>\n<meta property=\"og:image\" content=\"https:\/\/caveaucorto.ch\/wp-content\/uploads\/2018\/01\/corto-vins-soleil.jpg\" \/>\n\t<meta property=\"og:image:width\" content=\"1920\" \/>\n\t<meta property=\"og:image:height\" content=\"1040\" \/>\n\t<meta property=\"og:image:type\" content=\"image\/jpeg\" \/>\n<meta name=\"twitter:card\" content=\"summary_large_image\" \/>\n<meta name=\"twitter:label1\" content=\"Gesch\u00e4tzte Lesezeit\" \/>\n\t<meta name=\"twitter:data1\" content=\"3\u00a0Minuten\" \/>\n<script type=\"application\/ld+json\" class=\"yoast-schema-graph\">{\"@context\":\"https:\/\/schema.org\",\"@graph\":[{\"@type\":\"WebPage\",\"@id\":\"https:\/\/caveaucorto.ch\/agenda\/\",\"url\":\"https:\/\/caveaucorto.ch\/agenda\/\",\"name\":\"Agenda - Le Caveau Corto \u00e0 Grandvaux\",\"isPartOf\":{\"@id\":\"https:\/\/caveaucorto.ch\/fr\/#website\"},\"datePublished\":\"2017-09-19T07:16:26+00:00\",\"dateModified\":\"2025-12-08T12:57:36+00:00\",\"description\":\"D\u00e9gustez chaque semaine des vins diff\u00e9rents, servis \u00e0 tour de r\u00f4le par les vignerons de Grandvaux.\",\"breadcrumb\":{\"@id\":\"https:\/\/caveaucorto.ch\/agenda\/#breadcrumb\"},\"inLanguage\":\"de\",\"potentialAction\":[{\"@type\":\"ReadAction\",\"target\":[\"https:\/\/caveaucorto.ch\/agenda\/\"]}]},{\"@type\":\"BreadcrumbList\",\"@id\":\"https:\/\/caveaucorto.ch\/agenda\/#breadcrumb\",\"itemListElement\":[{\"@type\":\"ListItem\",\"position\":1,\"name\":\"Accueil\",\"item\":\"https:\/\/caveaucorto.ch\/\"},{\"@type\":\"ListItem\",\"position\":2,\"name\":\"Agenda\"}]},{\"@type\":\"WebSite\",\"@id\":\"https:\/\/caveaucorto.ch\/fr\/#website\",\"url\":\"https:\/\/caveaucorto.ch\/fr\/\",\"name\":\"Le Caveau Corto \u00e0 Grandvaux\",\"description\":\"\",\"publisher\":{\"@id\":\"https:\/\/caveaucorto.ch\/fr\/#organization\"},\"potentialAction\":[{\"@type\":\"SearchAction\",\"target\":{\"@type\":\"EntryPoint\",\"urlTemplate\":\"https:\/\/caveaucorto.ch\/fr\/?s={search_term_string}\"},\"query-input\":{\"@type\":\"PropertyValueSpecification\",\"valueRequired\":true,\"valueName\":\"search_term_string\"}}],\"inLanguage\":\"de\"},{\"@type\":\"Organization\",\"@id\":\"https:\/\/caveaucorto.ch\/fr\/#organization\",\"name\":\"Caveau Corto\",\"url\":\"https:\/\/caveaucorto.ch\/fr\/\",\"logo\":{\"@type\":\"ImageObject\",\"inLanguage\":\"de\",\"@id\":\"https:\/\/caveaucorto.ch\/fr\/#\/schema\/logo\/image\/\",\"url\":\"https:\/\/caveaucorto.ch\/wp-content\/uploads\/2017\/11\/logo-black.png\",\"contentUrl\":\"https:\/\/caveaucorto.ch\/wp-content\/uploads\/2017\/11\/logo-black.png\",\"width\":400,\"height\":171,\"caption\":\"Caveau Corto\"},\"image\":{\"@id\":\"https:\/\/caveaucorto.ch\/fr\/#\/schema\/logo\/image\/\"},\"sameAs\":[\"https:\/\/www.facebook.com\/pages\/Caveau-De-Mont-Sur-Rolle\/165398706811172?rf=204341609608247\"]}]}<\/script>\n<!-- \/ Yoast SEO plugin. -->","yoast_head_json":{"title":"Agenda - Le Caveau Corto \u00e0 Grandvaux","description":"D\u00e9gustez chaque semaine des vins diff\u00e9rents, servis \u00e0 tour de r\u00f4le par les vignerons de Grandvaux.","robots":{"index":"index","follow":"follow","max-snippet":"max-snippet:-1","max-image-preview":"max-image-preview:large","max-video-preview":"max-video-preview:-1"},"canonical":"https:\/\/caveaucorto.ch\/agenda\/","og_locale":"de_DE","og_type":"article","og_title":"Agenda - Le Caveau Corto \u00e0 Grandvaux","og_description":"D\u00e9gustez chaque semaine des vins diff\u00e9rents, servis \u00e0 tour de r\u00f4le par les vignerons de Grandvaux.","og_url":"https:\/\/caveaucorto.ch\/agenda\/","og_site_name":"Le Caveau Corto \u00e0 Grandvaux","article_publisher":"https:\/\/www.facebook.com\/pages\/Caveau-De-Mont-Sur-Rolle\/165398706811172?rf=204341609608247","article_modified_time":"2025-12-08T12:57:36+00:00","og_image":[{"width":1920,"height":1040,"url":"https:\/\/caveaucorto.ch\/wp-content\/uploads\/2018\/01\/corto-vins-soleil.jpg","type":"image\/jpeg"}],"twitter_card":"summary_large_image","twitter_misc":{"Gesch\u00e4tzte Lesezeit":"3\u00a0Minuten"},"schema":{"@context":"https:\/\/schema.org","@graph":[{"@type":"WebPage","@id":"https:\/\/caveaucorto.ch\/agenda\/","url":"https:\/\/caveaucorto.ch\/agenda\/","name":"Agenda - Le Caveau Corto \u00e0 Grandvaux","isPartOf":{"@id":"https:\/\/caveaucorto.ch\/fr\/#website"},"datePublished":"2017-09-19T07:16:26+00:00","dateModified":"2025-12-08T12:57:36+00:00","description":"D\u00e9gustez chaque semaine des vins diff\u00e9rents, servis \u00e0 tour de r\u00f4le par les vignerons de Grandvaux.","breadcrumb":{"@id":"https:\/\/caveaucorto.ch\/agenda\/#breadcrumb"},"inLanguage":"de","potentialAction":[{"@type":"ReadAction","target":["https:\/\/caveaucorto.ch\/agenda\/"]}]},{"@type":"BreadcrumbList","@id":"https:\/\/caveaucorto.ch\/agenda\/#breadcrumb","itemListElement":[{"@type":"ListItem","position":1,"name":"Accueil","item":"https:\/\/caveaucorto.ch\/"},{"@type":"ListItem","position":2,"name":"Agenda"}]},{"@type":"WebSite","@id":"https:\/\/caveaucorto.ch\/fr\/#website","url":"https:\/\/caveaucorto.ch\/fr\/","name":"Le Caveau Corto \u00e0 Grandvaux","description":"","publisher":{"@id":"https:\/\/caveaucorto.ch\/fr\/#organization"},"potentialAction":[{"@type":"SearchAction","target":{"@type":"EntryPoint","urlTemplate":"https:\/\/caveaucorto.ch\/fr\/?s={search_term_string}"},"query-input":{"@type":"PropertyValueSpecification","valueRequired":true,"valueName":"search_term_string"}}],"inLanguage":"de"},{"@type":"Organization","@id":"https:\/\/caveaucorto.ch\/fr\/#organization","name":"Caveau Corto","url":"https:\/\/caveaucorto.ch\/fr\/","logo":{"@type":"ImageObject","inLanguage":"de","@id":"https:\/\/caveaucorto.ch\/fr\/#\/schema\/logo\/image\/","url":"https:\/\/caveaucorto.ch\/wp-content\/uploads\/2017\/11\/logo-black.png","contentUrl":"https:\/\/caveaucorto.ch\/wp-content\/uploads\/2017\/11\/logo-black.png","width":400,"height":171,"caption":"Caveau Corto"},"image":{"@id":"https:\/\/caveaucorto.ch\/fr\/#\/schema\/logo\/image\/"},"sameAs":["https:\/\/www.facebook.com\/pages\/Caveau-De-Mont-Sur-Rolle\/165398706811172?rf=204341609608247"]}]}},"_links":{"self":[{"href":"https:\/\/caveaucorto.ch\/de\/wp-json\/wp\/v2\/pages\/25","targetHints":{"allow":["GET"]}}],"collection":[{"href":"https:\/\/caveaucorto.ch\/de\/wp-json\/wp\/v2\/pages"}],"about":[{"href":"https:\/\/caveaucorto.ch\/de\/wp-json\/wp\/v2\/types\/page"}],"author":[{"embeddable":true,"href":"https:\/\/caveaucorto.ch\/de\/wp-json\/wp\/v2\/users\/1"}],"replies":[{"embeddable":true,"href":"https:\/\/caveaucorto.ch\/de\/wp-json\/wp\/v2\/comments?post=25"}],"version-history":[{"count":55,"href":"https:\/\/caveaucorto.ch\/de\/wp-json\/wp\/v2\/pages\/25\/revisions"}],"predecessor-version":[{"id":627,"href":"https:\/\/caveaucorto.ch\/de\/wp-json\/wp\/v2\/pages\/25\/revisions\/627"}],"wp:attachment":[{"href":"https:\/\/caveaucorto.ch\/de\/wp-json\/wp\/v2\/media?parent=25"}],"curies":[{"name":"wp","href":"https:\/\/api.w.org\/{rel}","templated":true}]}}