{"id":127,"date":"2017-11-28T15:12:26","date_gmt":"2017-11-28T14:12:26","guid":{"rendered":"https:\/\/caveaucorto.ch\/?page_id=127"},"modified":"2024-04-19T16:00:57","modified_gmt":"2024-04-19T14:00:57","slug":"location","status":"publish","type":"page","link":"https:\/\/caveaucorto.ch\/de\/location\/","title":{"rendered":"Mieten"},"content":{"rendered":"<div class=\"wpb-content-wrapper\">[mk_page_section bg_image=&#8220;https:\/\/caveaucorto.ch\/wp-content\/uploads\/2017\/11\/corto-agenda.jpg&#8220; bg_position=&#8220;center center&#8220; bg_repeat=&#8220;no-repeat&#8220; bg_stretch=&#8220;true&#8220; video_color_mask=&#8220;#000000&#8243; video_opacity=&#8220;0.5&#8243; min_height=&#8220;700&#8243; js_vertical_centered=&#8220;true&#8220; sidebar=&#8220;sidebar-1&#8243;][vc_column][mk_fancy_title tag_name=&#8220;h1&#8243; color=&#8220;#ffffff&#8220; size=&#8220;70&#8243; force_font_size=&#8220;true&#8220; size_tablet=&#8220;70&#8243; font_weight=&#8220;300&#8243; txt_transform=&#8220;none&#8220; margin_bottom=&#8220;0&#8243; font_family=&#8220;none&#8220; align=&#8220;center&#8220;]Ihr Anlass im Caveau Corto.[\/mk_fancy_title][mk_divider style=&#8220;thin_solid&#8220; divider_width=&#8220;custom_width&#8220; custom_width=&#8220;140&#8243; thin_single_color=&#8220;#8d121b&#8220; thickness=&#8220;3&#8243; margin_top=&#8220;0&#8243; margin_bottom=&#8220;30&#8243;][vc_row_inner][vc_column_inner width=&#8220;1\/6&#8243;][\/vc_column_inner][vc_column_inner width=&#8220;2\/3&#8243;][mk_fancy_title tag_name=&#8220;span&#8220; color=&#8220;#ffffff&#8220; size=&#8220;22&#8243; line_height=&#8220;180&#8243; txt_transform=&#8220;none&#8220; font_family=&#8220;none&#8220; align=&#8220;center&#8220;]Mit seiner modernen Architektur und grossartigen Aussicht \u00fcber das Lavaux und den Genfersee ist der Weinkeller Caveau Corto ein idealer Ort f\u00fcr Ihren Firmenanlass oder ein privates Fest. Ausserhalb der regul\u00e4ren \u00d6ffnungszeiten nehmen wir Ihre Tisch- oder Saalreservation gerne entgegen.[\/mk_fancy_title][\/vc_column_inner][vc_column_inner width=&#8220;1\/6&#8243;][\/vc_column_inner][\/vc_row_inner][\/vc_column][\/mk_page_section][vc_row][vc_column][mk_padding_divider size=&#8220;120&#8243;][\/vc_column][\/vc_row][vc_row][vc_column width=&#8220;1\/2&#8243;][mk_fancy_title tag_name=&#8220;h3&#8243; color=&#8220;#111111&#8243; size=&#8220;32&#8243; font_weight=&#8220;400&#8243; txt_transform=&#8220;capitalize&#8220; margin_bottom=&#8220;0&#8243; font_family=&#8220;Playfair+Display&#8220; font_type=&#8220;google&#8220;]Der Caveau Corto f\u00fcr Sie privat[\/mk_fancy_title][mk_fancy_title tag_name=&#8220;span&#8220; color=&#8220;#111111&#8243; size=&#8220;18&#8243; font_weight=&#8220;400&#8243; txt_transform=&#8220;none&#8220; font_family=&#8220;Playfair+Display&#8220; font_type=&#8220;google&#8220;]Von November bis April ist es m\u00f6glich, den gesamten Weinkeller samt Einrichtung zu mieten. W\u00e4hrend der Saison von April bis Oktober steht er f\u00fcr die private Miete nur unter der Woche zur Verf\u00fcgung.<\/p>\n<p>Gerne organisieren wir f\u00fcr Sie eine Auswahl an Regionalprodukten, Mineralwasser, Tee und Kaffee f\u00fcr einen privaten Aperitif oder auch ganze Mahlzeiten im Caveau Corto (siehe Download PDF-Liste).[\/mk_fancy_title][mk_button dimension=&#8220;flat&#8220; corner_style=&#8220;rounded&#8220; size=&#8220;medium&#8220; icon=&#8220;mk-icon-file-pdf-o&#8220; url=&#8220;https:\/\/caveaucorto.ch\/wp-content\/uploads\/2024\/04\/location-privee-contrat-2024-caveau-corto.pdf&#8220; target=&#8220;_blank&#8220;]Mietvertrag im PDF (FR)[\/mk_button][mk_button dimension=&#8220;flat&#8220; corner_style=&#8220;rounded&#8220; size=&#8220;medium&#8220; icon=&#8220;mk-icon-file-pdf-o&#8220; url=&#8220;https:\/\/caveaucorto.ch\/wp-content\/uploads\/2024\/04\/liste-de-prix.pdf&#8220; target=&#8220;_blank&#8220;]Preislist[\/mk_button][\/vc_column][vc_column width=&#8220;1\/2&#8243;][mk_fancy_title tag_name=&#8220;h3&#8243; color=&#8220;#111111&#8243; size=&#8220;32&#8243; font_weight=&#8220;400&#8243; txt_transform=&#8220;capitalize&#8220; margin_bottom=&#8220;0&#8243; font_family=&#8220;Playfair+Display&#8220; font_type=&#8220;google&#8220;]H\u00e4ufig gestellte Fragen[\/mk_fancy_title][mk_faq style=&#8220;simple&#8220; sortable=&#8220;false&#8220;][\/vc_column][\/vc_row][vc_row][vc_column][mk_divider style=&#8220;thin_solid&#8220; divider_width=&#8220;one_half&#8220; thickness=&#8220;2&#8243; margin_top=&#8220;70&#8243; margin_bottom=&#8220;70&#8243;][\/vc_column][\/vc_row][vc_row][vc_column width=&#8220;1\/2&#8243;][mk_fancy_title tag_name=&#8220;h3&#8243; color=&#8220;#111111&#8243; size=&#8220;32&#8243; font_weight=&#8220;400&#8243; txt_transform=&#8220;capitalize&#8220; margin_bottom=&#8220;0&#8243; font_family=&#8220;Playfair+Display&#8220; font_type=&#8220;google&#8220;]Private Degustationen[\/mk_fancy_title][mk_fancy_title tag_name=&#8220;span&#8220; color=&#8220;#111111&#8243; size=&#8220;18&#8243; font_weight=&#8220;400&#8243; txt_transform=&#8220;none&#8220; font_family=&#8220;Playfair+Display&#8220; font_type=&#8220;google&#8220;]M\u00f6chten Sie das Weingebiet Lavaux exklusiv als Gruppe kennenlernen? Profitieren Sie vom massgeschneiderten Angebot eines unserer Weinbaubetriebe, auf Anfrage und ausserhalb der regul\u00e4ren \u00d6ffnungszeiten.<\/p>\n<p>Als Gruppe ab 15 Personen verbringen Sie unvergessliche Momente mit einem Weinproduzenten und verkosten seine Weine.<\/p>\n<p>Kosten: Listenpreis des Caveau Corto plus CHF 50.\u2014f\u00fcr das Aufr\u00e4umen und die Reinigung. Nebenstehende Pauschalangebote k\u00f6nnen vorbestellt werden.[\/mk_fancy_title][\/vc_column][vc_column width=&#8220;1\/2&#8243;][mk_fancy_title tag_name=&#8220;h3&#8243; color=&#8220;#111111&#8243; size=&#8220;32&#8243; font_weight=&#8220;400&#8243; txt_transform=&#8220;capitalize&#8220; margin_bottom=&#8220;0&#8243; font_family=&#8220;Playfair+Display&#8220; font_type=&#8220;google&#8220;]Pauschalangebote f\u00fcr Gruppen[\/mk_fancy_title][mk_fancy_title tag_name=&#8220;span&#8220; color=&#8220;#111111&#8243; size=&#8220;18&#8243; font_weight=&#8220;400&#8243; txt_transform=&#8220;none&#8220; font_family=&#8220;Playfair+Display&#8220; font_type=&#8220;google&#8220;]Angebot 1: 3 Gl\u00e4ser Wein pro Person mit Brotkorb, CHF 15.&#8211; pro erwachsene Person.<\/p>\n<p>Angebot 2: 3 Gl\u00e4ser Wein pro Person mit einem Tomme-K\u00e4se oder Trockenfleisch und Brotkorb, CHF 25.&#8211; pro erwachsene Person.<\/p>\n<p>Angebot 3: 3 Gl\u00e4ser Wein pro Person mit einem Tomme-K\u00e4se oder Trockenfleisch und Brotkorb, dazu ein Corto-Weinglas als Souvenir, CHF 31.&#8211; pro erwachsene Person.[\/mk_fancy_title][\/vc_column][\/vc_row][vc_row visibility=&#8220;hidden-sm&#8220;][vc_column][mk_padding_divider size=&#8220;120&#8243; visibility=&#8220;hidden-sm&#8220;][mk_custom_box padding_vertical=&#8220;80&#8243; padding_horizental=&#8220;80&#8243; margin_bottom=&#8220;0&#8243; bg_color=&#8220;#000000&#8243; elevation_effect=&#8220;true&#8220; elevation_effect_distance=&#8220;3&#8243;][vc_row_inner][vc_column_inner width=&#8220;2\/12&#8243;][\/vc_column_inner][vc_column_inner width=&#8220;10\/12&#8243;][mk_fancy_title color=&#8220;#ffffff&#8220; size=&#8220;52&#8243; force_font_size=&#8220;true&#8220; size_tablet=&#8220;30&#8243; font_weight=&#8220;300&#8243; txt_transform=&#8220;none&#8220; font_family=&#8220;none&#8220;]\u00d6ffnungszeiten[\/mk_fancy_title][mk_fancy_title tag_name=&#8220;span&#8220; color=&#8220;#ffffff&#8220; size=&#8220;24&#8243; force_font_size=&#8220;true&#8220; size_tablet=&#8220;20&#8243; line_height=&#8220;180&#8243; font_weight=&#8220;300&#8243; txt_transform=&#8220;none&#8220; margin_bottom=&#8220;0&#8243; font_family=&#8220;none&#8220; responsive_align=&#8220;left&#8220;]Der Weinkeller Caveau Corto ist jedes Wochenende<br \/>\nvon April bis Oktober ge\u00f6ffnet.<\/p>\n<p>Freitag von 17.00 bis 21.00 Uhr<br \/>\nSamstag von 16.00 bis 21.00 Uhr<br \/>\nSonntag von 16.00 bis 21.00 Uhr[\/mk_fancy_title][\/vc_column_inner][\/vc_row_inner][\/mk_custom_box][mk_padding_divider size=&#8220;120&#8243; visibility=&#8220;hidden-sm&#8220;][\/vc_column][\/vc_row]\n<\/div>","protected":false},"excerpt":{"rendered":"<p>[mk_page_section bg_image=&#8220;https:\/\/caveaucorto.ch\/wp-content\/uploads\/2017\/11\/corto-agenda.jpg&#8220; bg_position=&#8220;center center&#8220; bg_repeat=&#8220;no-repeat&#8220; bg_stretch=&#8220;true&#8220; video_color_mask=&#8220;#000000&#8243; video_opacity=&#8220;0.5&#8243; min_height=&#8220;700&#8243; js_vertical_centered=&#8220;true&#8220; sidebar=&#8220;sidebar-1&#8243;][vc_column][mk_fancy_title tag_name=&#8220;h1&#8243; color=&#8220;#ffffff&#8220; size=&#8220;70&#8243; force_font_size=&#8220;true&#8220; size_tablet=&#8220;70&#8243; font_weight=&#8220;300&#8243; txt_transform=&#8220;none&#8220; margin_bottom=&#8220;0&#8243; font_family=&#8220;none&#8220; align=&#8220;center&#8220;]Ihr Anlass im Caveau Corto.[\/mk_fancy_title][mk_divider style=&#8220;thin_solid&#8220; divider_width=&#8220;custom_width&#8220; custom_width=&#8220;140&#8243; thin_single_color=&#8220;#8d121b&#8220; thickness=&#8220;3&#8243; margin_top=&#8220;0&#8243; margin_bottom=&#8220;30&#8243;][vc_row_inner][vc_column_inner width=&#8220;1\/6&#8243;][\/vc_column_inner][vc_column_inner width=&#8220;2\/3&#8243;][mk_fancy_title tag_name=&#8220;span&#8220; color=&#8220;#ffffff&#8220; size=&#8220;22&#8243; line_height=&#8220;180&#8243; txt_transform=&#8220;none&#8220; font_family=&#8220;none&#8220; align=&#8220;center&#8220;]Mit seiner modernen Architektur und grossartigen Aussicht \u00fcber das Lavaux und den Genfersee ist der [&hellip;]<\/p>\n","protected":false},"author":1,"featured_media":0,"parent":0,"menu_order":0,"comment_status":"closed","ping_status":"closed","template":"","meta":{"footnotes":""},"class_list":["post-127","page","type-page","status-publish","hentry"],"yoast_head":"<!-- This site is optimized with the Yoast SEO plugin v26.7 - https:\/\/yoast.com\/wordpress\/plugins\/seo\/ -->\n<title>Mieten - Le Caveau Corto \u00e0 Grandvaux<\/title>\n<meta name=\"description\" content=\"Louez le Caveau Corto pour vos \u00e9v\u00e9nements professionnels et priv\u00e9s avec vue sur les vignes de Lavaux, les Alpes et le lac L\u00e9man.\" \/>\n<meta name=\"robots\" content=\"index, follow, max-snippet:-1, max-image-preview:large, max-video-preview:-1\" \/>\n<link rel=\"canonical\" href=\"https:\/\/caveaucorto.ch\/location\/\" \/>\n<meta property=\"og:locale\" content=\"de_DE\" \/>\n<meta property=\"og:type\" content=\"article\" \/>\n<meta property=\"og:title\" content=\"Mieten - Le Caveau Corto \u00e0 Grandvaux\" \/>\n<meta property=\"og:description\" content=\"Louez le Caveau Corto pour vos \u00e9v\u00e9nements professionnels et priv\u00e9s avec vue sur les vignes de Lavaux, les Alpes et le lac L\u00e9man.\" \/>\n<meta property=\"og:url\" content=\"https:\/\/caveaucorto.ch\/location\/\" \/>\n<meta property=\"og:site_name\" content=\"Le Caveau Corto \u00e0 Grandvaux\" \/>\n<meta property=\"article:publisher\" content=\"https:\/\/www.facebook.com\/pages\/Caveau-De-Mont-Sur-Rolle\/165398706811172?rf=204341609608247\" \/>\n<meta property=\"article:modified_time\" content=\"2024-04-19T14:00:57+00:00\" \/>\n<meta property=\"og:image\" content=\"https:\/\/caveaucorto.ch\/wp-content\/uploads\/2018\/01\/corto-vins-soleil.jpg\" \/>\n\t<meta property=\"og:image:width\" content=\"1920\" \/>\n\t<meta property=\"og:image:height\" content=\"1040\" \/>\n\t<meta property=\"og:image:type\" content=\"image\/jpeg\" \/>\n<meta name=\"twitter:card\" content=\"summary_large_image\" \/>\n<meta name=\"twitter:label1\" content=\"Gesch\u00e4tzte Lesezeit\" \/>\n\t<meta name=\"twitter:data1\" content=\"3\u00a0Minuten\" \/>\n<script type=\"application\/ld+json\" class=\"yoast-schema-graph\">{\"@context\":\"https:\/\/schema.org\",\"@graph\":[{\"@type\":\"WebPage\",\"@id\":\"https:\/\/caveaucorto.ch\/location\/\",\"url\":\"https:\/\/caveaucorto.ch\/location\/\",\"name\":\"Mieten - Le Caveau Corto \u00e0 Grandvaux\",\"isPartOf\":{\"@id\":\"https:\/\/caveaucorto.ch\/fr\/#website\"},\"datePublished\":\"2017-11-28T14:12:26+00:00\",\"dateModified\":\"2024-04-19T14:00:57+00:00\",\"description\":\"Louez le Caveau Corto pour vos \u00e9v\u00e9nements professionnels et priv\u00e9s avec vue sur les vignes de Lavaux, les Alpes et le lac L\u00e9man.\",\"breadcrumb\":{\"@id\":\"https:\/\/caveaucorto.ch\/location\/#breadcrumb\"},\"inLanguage\":\"de\",\"potentialAction\":[{\"@type\":\"ReadAction\",\"target\":[\"https:\/\/caveaucorto.ch\/location\/\"]}]},{\"@type\":\"BreadcrumbList\",\"@id\":\"https:\/\/caveaucorto.ch\/location\/#breadcrumb\",\"itemListElement\":[{\"@type\":\"ListItem\",\"position\":1,\"name\":\"Accueil\",\"item\":\"https:\/\/caveaucorto.ch\/\"},{\"@type\":\"ListItem\",\"position\":2,\"name\":\"Location\"}]},{\"@type\":\"WebSite\",\"@id\":\"https:\/\/caveaucorto.ch\/fr\/#website\",\"url\":\"https:\/\/caveaucorto.ch\/fr\/\",\"name\":\"Le Caveau Corto \u00e0 Grandvaux\",\"description\":\"\",\"publisher\":{\"@id\":\"https:\/\/caveaucorto.ch\/fr\/#organization\"},\"potentialAction\":[{\"@type\":\"SearchAction\",\"target\":{\"@type\":\"EntryPoint\",\"urlTemplate\":\"https:\/\/caveaucorto.ch\/fr\/?s={search_term_string}\"},\"query-input\":{\"@type\":\"PropertyValueSpecification\",\"valueRequired\":true,\"valueName\":\"search_term_string\"}}],\"inLanguage\":\"de\"},{\"@type\":\"Organization\",\"@id\":\"https:\/\/caveaucorto.ch\/fr\/#organization\",\"name\":\"Caveau Corto\",\"url\":\"https:\/\/caveaucorto.ch\/fr\/\",\"logo\":{\"@type\":\"ImageObject\",\"inLanguage\":\"de\",\"@id\":\"https:\/\/caveaucorto.ch\/fr\/#\/schema\/logo\/image\/\",\"url\":\"https:\/\/caveaucorto.ch\/wp-content\/uploads\/2017\/11\/logo-black.png\",\"contentUrl\":\"https:\/\/caveaucorto.ch\/wp-content\/uploads\/2017\/11\/logo-black.png\",\"width\":400,\"height\":171,\"caption\":\"Caveau Corto\"},\"image\":{\"@id\":\"https:\/\/caveaucorto.ch\/fr\/#\/schema\/logo\/image\/\"},\"sameAs\":[\"https:\/\/www.facebook.com\/pages\/Caveau-De-Mont-Sur-Rolle\/165398706811172?rf=204341609608247\"]}]}<\/script>\n<!-- \/ Yoast SEO plugin. -->","yoast_head_json":{"title":"Mieten - Le Caveau Corto \u00e0 Grandvaux","description":"Louez le Caveau Corto pour vos \u00e9v\u00e9nements professionnels et priv\u00e9s avec vue sur les vignes de Lavaux, les Alpes et le lac L\u00e9man.","robots":{"index":"index","follow":"follow","max-snippet":"max-snippet:-1","max-image-preview":"max-image-preview:large","max-video-preview":"max-video-preview:-1"},"canonical":"https:\/\/caveaucorto.ch\/location\/","og_locale":"de_DE","og_type":"article","og_title":"Mieten - Le Caveau Corto \u00e0 Grandvaux","og_description":"Louez le Caveau Corto pour vos \u00e9v\u00e9nements professionnels et priv\u00e9s avec vue sur les vignes de Lavaux, les Alpes et le lac L\u00e9man.","og_url":"https:\/\/caveaucorto.ch\/location\/","og_site_name":"Le Caveau Corto \u00e0 Grandvaux","article_publisher":"https:\/\/www.facebook.com\/pages\/Caveau-De-Mont-Sur-Rolle\/165398706811172?rf=204341609608247","article_modified_time":"2024-04-19T14:00:57+00:00","og_image":[{"width":1920,"height":1040,"url":"https:\/\/caveaucorto.ch\/wp-content\/uploads\/2018\/01\/corto-vins-soleil.jpg","type":"image\/jpeg"}],"twitter_card":"summary_large_image","twitter_misc":{"Gesch\u00e4tzte Lesezeit":"3\u00a0Minuten"},"schema":{"@context":"https:\/\/schema.org","@graph":[{"@type":"WebPage","@id":"https:\/\/caveaucorto.ch\/location\/","url":"https:\/\/caveaucorto.ch\/location\/","name":"Mieten - Le Caveau Corto \u00e0 Grandvaux","isPartOf":{"@id":"https:\/\/caveaucorto.ch\/fr\/#website"},"datePublished":"2017-11-28T14:12:26+00:00","dateModified":"2024-04-19T14:00:57+00:00","description":"Louez le Caveau Corto pour vos \u00e9v\u00e9nements professionnels et priv\u00e9s avec vue sur les vignes de Lavaux, les Alpes et le lac L\u00e9man.","breadcrumb":{"@id":"https:\/\/caveaucorto.ch\/location\/#breadcrumb"},"inLanguage":"de","potentialAction":[{"@type":"ReadAction","target":["https:\/\/caveaucorto.ch\/location\/"]}]},{"@type":"BreadcrumbList","@id":"https:\/\/caveaucorto.ch\/location\/#breadcrumb","itemListElement":[{"@type":"ListItem","position":1,"name":"Accueil","item":"https:\/\/caveaucorto.ch\/"},{"@type":"ListItem","position":2,"name":"Location"}]},{"@type":"WebSite","@id":"https:\/\/caveaucorto.ch\/fr\/#website","url":"https:\/\/caveaucorto.ch\/fr\/","name":"Le Caveau Corto \u00e0 Grandvaux","description":"","publisher":{"@id":"https:\/\/caveaucorto.ch\/fr\/#organization"},"potentialAction":[{"@type":"SearchAction","target":{"@type":"EntryPoint","urlTemplate":"https:\/\/caveaucorto.ch\/fr\/?s={search_term_string}"},"query-input":{"@type":"PropertyValueSpecification","valueRequired":true,"valueName":"search_term_string"}}],"inLanguage":"de"},{"@type":"Organization","@id":"https:\/\/caveaucorto.ch\/fr\/#organization","name":"Caveau Corto","url":"https:\/\/caveaucorto.ch\/fr\/","logo":{"@type":"ImageObject","inLanguage":"de","@id":"https:\/\/caveaucorto.ch\/fr\/#\/schema\/logo\/image\/","url":"https:\/\/caveaucorto.ch\/wp-content\/uploads\/2017\/11\/logo-black.png","contentUrl":"https:\/\/caveaucorto.ch\/wp-content\/uploads\/2017\/11\/logo-black.png","width":400,"height":171,"caption":"Caveau Corto"},"image":{"@id":"https:\/\/caveaucorto.ch\/fr\/#\/schema\/logo\/image\/"},"sameAs":["https:\/\/www.facebook.com\/pages\/Caveau-De-Mont-Sur-Rolle\/165398706811172?rf=204341609608247"]}]}},"_links":{"self":[{"href":"https:\/\/caveaucorto.ch\/de\/wp-json\/wp\/v2\/pages\/127","targetHints":{"allow":["GET"]}}],"collection":[{"href":"https:\/\/caveaucorto.ch\/de\/wp-json\/wp\/v2\/pages"}],"about":[{"href":"https:\/\/caveaucorto.ch\/de\/wp-json\/wp\/v2\/types\/page"}],"author":[{"embeddable":true,"href":"https:\/\/caveaucorto.ch\/de\/wp-json\/wp\/v2\/users\/1"}],"replies":[{"embeddable":true,"href":"https:\/\/caveaucorto.ch\/de\/wp-json\/wp\/v2\/comments?post=127"}],"version-history":[{"count":39,"href":"https:\/\/caveaucorto.ch\/de\/wp-json\/wp\/v2\/pages\/127\/revisions"}],"predecessor-version":[{"id":591,"href":"https:\/\/caveaucorto.ch\/de\/wp-json\/wp\/v2\/pages\/127\/revisions\/591"}],"wp:attachment":[{"href":"https:\/\/caveaucorto.ch\/de\/wp-json\/wp\/v2\/media?parent=127"}],"curies":[{"name":"wp","href":"https:\/\/api.w.org\/{rel}","templated":true}]}}